{"id":15,"date":"2023-03-24T18:04:08","date_gmt":"2023-03-24T18:04:08","guid":{"rendered":"https:\/\/theatremervelier.ch\/?page_id=15"},"modified":"2025-02-11T09:49:13","modified_gmt":"2025-02-11T09:49:13","slug":"accueil","status":"publish","type":"page","link":"https:\/\/theatremervelier.ch\/","title":{"rendered":"Accueil"},"content":{"rendered":"\t\t<div data-elementor-type=\"wp-page\" data-elementor-id=\"15\" class=\"elementor elementor-15\">\n\t\t\t\t\t\t\t\t\t<section class=\"elementor-section elementor-top-section elementor-element elementor-element-bfbc01f elementor-section-boxed elementor-section-height-default elementor-section-height-default\" data-id=\"bfbc01f\" data-element_type=\"section\">\n\t\t\t\t\t\t<div class=\"elementor-container elementor-column-gap-default\">\n\t\t\t\t\t<div class=\"elementor-column elementor-col-100 elementor-top-column elementor-element elementor-element-bed260b\" data-id=\"bed260b\" data-element_type=\"column\">\n\t\t\t<div class=\"elementor-widget-wrap\">\n\t\t\t\t\t\t\t\t\t<\/div>\n\t\t<\/div>\n\t\t\t\t\t\t\t<\/div>\n\t\t<\/section>\n\t\t\t\t<section class=\"elementor-section elementor-top-section elementor-element elementor-element-add8af1 elementor-section-boxed elementor-section-height-default elementor-section-height-default\" data-id=\"add8af1\" data-element_type=\"section\">\n\t\t\t\t\t\t<div class=\"elementor-container elementor-column-gap-default\">\n\t\t\t\t\t<div class=\"elementor-column elementor-col-100 elementor-top-column elementor-element elementor-element-a807803\" data-id=\"a807803\" data-element_type=\"column\">\n\t\t\t<div class=\"elementor-widget-wrap elementor-element-populated\">\n\t\t\t\t\t\t\t\t<div class=\"elementor-element elementor-element-d872d51 elementor-widget elementor-widget-image\" data-id=\"d872d51\" data-element_type=\"widget\" data-widget_type=\"image.default\">\n\t\t\t\t<div class=\"elementor-widget-container\">\n\t\t\t<style>\/*! elementor - v3.11.5 - 14-03-2023 *\/\n.elementor-widget-image{text-align:center}.elementor-widget-image a{display:inline-block}.elementor-widget-image a img[src$=\".svg\"]{width:48px}.elementor-widget-image img{vertical-align:middle;display:inline-block}<\/style>\t\t\t\t\t\t\t\t\t\t\t\t<img loading=\"lazy\" decoding=\"async\" width=\"724\" height=\"1024\" src=\"https:\/\/theatremervelier.ch\/wp-content\/uploads\/2025\/02\/WhatsApp-Image-2025-02-11-a-09.32.01_ce1276d8-724x1024.jpg\" class=\"attachment-large size-large wp-image-251\" alt=\"\" srcset=\"https:\/\/theatremervelier.ch\/wp-content\/uploads\/2025\/02\/WhatsApp-Image-2025-02-11-a-09.32.01_ce1276d8-724x1024.jpg 724w, https:\/\/theatremervelier.ch\/wp-content\/uploads\/2025\/02\/WhatsApp-Image-2025-02-11-a-09.32.01_ce1276d8-212x300.jpg 212w, https:\/\/theatremervelier.ch\/wp-content\/uploads\/2025\/02\/WhatsApp-Image-2025-02-11-a-09.32.01_ce1276d8-768x1086.jpg 768w, https:\/\/theatremervelier.ch\/wp-content\/uploads\/2025\/02\/WhatsApp-Image-2025-02-11-a-09.32.01_ce1276d8-1086x1536.jpg 1086w, https:\/\/theatremervelier.ch\/wp-content\/uploads\/2025\/02\/WhatsApp-Image-2025-02-11-a-09.32.01_ce1276d8.jpg 1131w\" sizes=\"auto, (max-width: 724px) 100vw, 724px\" \/>\t\t\t\t\t\t\t\t\t\t\t\t\t\t\t<\/div>\n\t\t\t\t<\/div>\n\t\t\t\t\t<\/div>\n\t\t<\/div>\n\t\t\t\t\t\t\t<\/div>\n\t\t<\/section>\n\t\t\t\t<section class=\"elementor-section elementor-top-section elementor-element elementor-element-b02fad0 elementor-section-boxed elementor-section-height-default elementor-section-height-default\" data-id=\"b02fad0\" data-element_type=\"section\">\n\t\t\t\t\t\t<div class=\"elementor-container elementor-column-gap-default\">\n\t\t\t\t\t<div class=\"elementor-column elementor-col-100 elementor-top-column elementor-element elementor-element-4ff12ad\" data-id=\"4ff12ad\" data-element_type=\"column\">\n\t\t\t<div class=\"elementor-widget-wrap elementor-element-populated\">\n\t\t\t\t\t\t\t\t<div class=\"elementor-element elementor-element-c17099d elementor-widget elementor-widget-text-editor\" data-id=\"c17099d\" data-element_type=\"widget\" data-widget_type=\"text-editor.default\">\n\t\t\t\t<div class=\"elementor-widget-container\">\n\t\t\t<style>\/*! elementor - v3.11.5 - 14-03-2023 *\/\n.elementor-widget-text-editor.elementor-drop-cap-view-stacked .elementor-drop-cap{background-color:#818a91;color:#fff}.elementor-widget-text-editor.elementor-drop-cap-view-framed .elementor-drop-cap{color:#818a91;border:3px solid;background-color:transparent}.elementor-widget-text-editor:not(.elementor-drop-cap-view-default) .elementor-drop-cap{margin-top:8px}.elementor-widget-text-editor:not(.elementor-drop-cap-view-default) .elementor-drop-cap-letter{width:1em;height:1em}.elementor-widget-text-editor .elementor-drop-cap{float:left;text-align:center;line-height:1;font-size:50px}.elementor-widget-text-editor .elementor-drop-cap-letter{display:inline-block}<\/style>\t\t\t\t\t\t\t\t\t\t<\/div>\n\t\t\t\t<\/div>\n\t\t\t\t\t<\/div>\n\t\t<\/div>\n\t\t\t\t\t\t\t<\/div>\n\t\t<\/section>\n\t\t\t\t<section class=\"elementor-section elementor-top-section elementor-element elementor-element-3b603dd elementor-section-boxed elementor-section-height-default elementor-section-height-default\" data-id=\"3b603dd\" data-element_type=\"section\">\n\t\t\t\t\t\t<div class=\"elementor-container elementor-column-gap-default\">\n\t\t\t\t\t<div class=\"elementor-column elementor-col-100 elementor-top-column elementor-element elementor-element-5dfea7c\" data-id=\"5dfea7c\" data-element_type=\"column\">\n\t\t\t<div class=\"elementor-widget-wrap elementor-element-populated\">\n\t\t\t\t\t\t\t\t<div class=\"elementor-element elementor-element-2f5ccf7 elementor-widget elementor-widget-text-editor\" data-id=\"2f5ccf7\" data-element_type=\"widget\" data-widget_type=\"text-editor.default\">\n\t\t\t\t<div class=\"elementor-widget-container\">\n\t\t\t\t\t\t\t<p style=\"margin: 0cm 0cm 8pt; text-indent: 0cm; line-height: 107%;\" align=\"left\"><b><span style=\"font-size: 12.0pt; line-height: 107%;\">Cr\u00e9ation 2025 \/ Jeunesse th\u00e9\u00e2trale de Mervelier<\/span><\/b><\/p><p style=\"margin: 0cm 0cm 8pt; text-indent: 0cm; line-height: 107%;\" align=\"left\"><b><span style=\"font-size: 22.0pt; mso-bidi-font-size: 12.0pt; line-height: 107%;\">LES TERBIS DU MONT-TERRIBLE\u00a0<\/span><\/b><\/p><p style=\"margin: 0cm 0cm 8pt; text-indent: 0cm; line-height: 107%;\" align=\"left\"><span style=\"color: var( --e-global-color-text ); font-family: var( --e-global-typography-text-font-family ), Sans-serif; font-size: 14pt; font-weight: var( --e-global-typography-text-font-weight ); text-indent: 0cm;\">Une com\u00e9die historique et locale \u00e9crite et mise en sc\u00e8ne par C\u00e9lien Milani\u00a0<\/span><span style=\"text-indent: 0cm; color: var( --e-global-color-text ); font-family: var( --e-global-typography-text-font-family ), Sans-serif; font-weight: var( --e-global-typography-text-font-weight ); font-size: 14pt;\">dans le cadre du 50<\/span><sup style=\"text-indent: 0cm; color: var( --e-global-color-text ); font-family: var( --e-global-typography-text-font-family ), Sans-serif; font-weight: var( --e-global-typography-text-font-weight );\">\u00e8me<\/sup><span style=\"text-indent: 0cm; color: var( --e-global-color-text ); font-family: var( --e-global-typography-text-font-family ), Sans-serif; font-weight: var( --e-global-typography-text-font-weight ); font-size: 14pt;\"> anniversaire de la Jeunesse th\u00e9\u00e2trale de\u00a0<\/span><span style=\"font-size: 14pt; text-indent: 0cm; color: var( --e-global-color-text ); font-family: var( --e-global-typography-text-font-family ), Sans-serif; font-weight: var( --e-global-typography-text-font-weight );\">Mervelier<\/span><\/p><p style=\"margin: 0cm 0cm 8pt; text-indent: 0cm; line-height: 107%;\" align=\"left\"><img decoding=\"async\" style=\"font-size: 14pt; text-indent: 0cm; color: var( --e-global-color-text ); font-family: var( --e-global-typography-text-font-family ), Sans-serif; font-weight: var( --e-global-typography-text-font-weight );\" src=\"data:image\/png;base64,iVBORw0KGgoAAAANSUhEUgAABJEAAAAyCAMAAADbV7rTAAAAAXNSR0IArs4c6QAAAARnQU1BAACxjwv8YQUAAABjUExURQAAAL8AAL8AAL8AAL8AAMAAAL8AAL8AAL8AAMEAAMAAAMAAAL8AAL8AAMAAAMAAAMAAAMEAAL8AAMAAAMAAAMAAAL8AAL8AAMAAAMAAAL8AAL8AAMAAAMEAAL8AAL8AAMAAABfh7pcAAAAhdFJOUwAIQEiAvxggWJfP\/zBwp+f3j2jft684UMfXYCifhxB47x0sxgYAAAAJcEhZcwAAFxEAABcRAcom8z8AAAIsSURBVHhe7dxJbhwxEARAabTL2vdd+v8rBWfxOG2wYbjkQ8R1yD4mkMAwdwB+xO7mt739OIjD8RPAP3KU5DlO8JwkeE5\/LTgaVwD+0lmS5zzJc5HkuRxBs91Vzhzk\/H7ubnbHpwDmVNnaVJBUqFyNjNnuMmcucv48d8\/GpwAmHSY8qmxdJ1QWy1Y5zaGTXDjOZSUMWKnK1k2CpMrW7YiYBTkzytZeLitbwErJjlG27hIqM2XrPuerbD2MLwFMqrL1mCCpsvU0ImbBcw5V2XrJZWULWOk14VFl6y2hMlW23nOhytbH+BTApGTH5jNBUmXra0TMdl85U2XrM3eVLWClj4RHla33hMpU2XrLhSpbr+NTAJOqbL0kSKpsPY+IWfCUQ1W2HnNZ2QJWekh4VNm6T6jMlK27nK+ytRlfAphUZatei1bZOhgRs+A2Z6ps3eSysgWsVK9Fq2zVa9GpsnWdC1W2vGsHVqqyVa9Fq2zNvBatsjVei44vAUzaMs0zImZBla16LVply2tRYKUV0zylXotW2arXosoWsJJpHqCdaR6gn2keoJ9pHqBfssM0D9DJNA\/QzzQP0C\/ZYZoH6GSaB+hnmgfoZ5oHaGeaB+hnmgfoZ5oHaGeaB+hnmgfoZ5oHaGeaB+hnmgfoZ5oH6JfsMM0DdDLNA\/QzzQP0S3aY5gE6meYB+pnmAfqZ5gHameYB+pnmAfqZ5gH+B39OHtM8QKf6f6FpHuCn7ex8A4dQalKS2hRsAAAAAElFTkSuQmCC\" alt=\"\" \/><\/p><p style=\"margin: 0cm 0cm 8pt; text-indent: 0cm; line-height: 107%;\" align=\"left\"><b style=\"color: var( --e-global-color-text ); font-family: var( --e-global-typography-text-font-family ), Sans-serif;\"><span style=\"font-size: 12.0pt; line-height: 107%;\">\u00a0<\/span><\/b><\/p><p style=\"margin: 0cm 0cm 8pt; text-indent: 0cm; line-height: 107%;\" align=\"left\"><b style=\"color: var( --e-global-color-text ); font-family: var( --e-global-typography-text-font-family ), Sans-serif;\"><span style=\"font-size: 12.0pt; line-height: 107%;\">LA PI\u00c8CE \u2013 une Histoire du terroir<\/span><\/b><\/p><p style=\"margin-right: 2.15pt;\"><i><span style=\"color: black; mso-themecolor: text1; mso-no-proof: yes;\">Avant d&rsquo;\u00eatre Jurassiens, avant d&rsquo;\u00eatre Bernois, nous avons fait partie de la R\u00e9publique libre et ind\u00e9pendante de la Rauracie ! Seulement cette R\u00e9publique n&rsquo;a dur\u00e9e que trois mois et, en 1793, les Fran\u00e7ais ont continu\u00e9 leur R\u00e9volution en annexant notre r\u00e9gion. Toute ? Non, un village demeurera libre et ind\u00e9pendant plusieurs ann\u00e9es durant : Montsevelier. Et ce, gr\u00e2ce aux habitant.e.s de Courchapoix, Corban et Mervelier qui repouss\u00e8rent l&rsquo;envahisseur fran\u00e7ais.<\/span><\/i><\/p><p style=\"margin-right: 2.15pt;\"><i><span style=\"color: black; mso-themecolor: text1; mso-no-proof: yes;\">\u00a0<\/span><\/i><i style=\"color: var( --e-global-color-text ); font-family: var( --e-global-typography-text-font-family ), Sans-serif; font-weight: var( --e-global-typography-text-font-weight );\"><span style=\"color: black; mso-themecolor: text1; mso-no-proof: yes;\">L\u00e9on et son \u00e9pouse, Charlotte, tiennent une auberge \u00e0 l&rsquo;entr\u00e9e de Mervelier. Et si Charlotte ne voit pas les changements d&rsquo;un bon oeil, L\u00e9on, lui, est pr\u00eat \u00e0 tout pour faire tourner son \u00e9tablissement et attirer de nouveaux clients. Avec l&rsquo;aide d&rsquo;Augustin, ma\u00eetre des combines en tous genres, et Isidore, aristocrate en fuite d\u00e9guis\u00e9 en paysan, L\u00e9on essaie de tourner la situation \u00e0 son avantage. Charlotte, toujours sur ses gardes et galvanis\u00e9e par Vivianne, habitante remont\u00e9e de Mervelier, met en place une insurrection de villageoises contre l&rsquo;avanc\u00e9e des troupes fran\u00e7aises.<\/span><\/i><\/p><p style=\"text-indent: 0cm; line-height: 107%; margin: 0cm 2.85pt 1.2pt 0cm;\"><i><span style=\"color: black;\">Mais c&rsquo;est sans compter les maladresses de son mari, qui se retrouve \u00e0 camouffler des soldats ennemis chez lui et qui devra se d\u00e9mener pour calmer la situation. Ira-t-il m\u00eame jusqu&rsquo;\u00e0 aider les habitant.e.s de Montesevelier, contre qui il cultive une rancoeur ancestrale ?<\/span><\/i><\/p><p style=\"text-indent: 0cm; line-height: 107%; margin: 0cm 2.85pt 1.2pt 0cm;\"><i><span style=\"color: black; mso-themecolor: text1; mso-no-proof: yes;\">\u00a0<\/span><\/i><\/p><p style=\"text-indent: 0cm; line-height: 107%; margin: 0cm 2.85pt 1.2pt 0cm;\"><img decoding=\"async\" src=\"data:image\/png;base64,iVBORw0KGgoAAAANSUhEUgAABEQAAAAOCAMAAAAR1zkIAAAAAXNSR0IArs4c6QAAAARnQU1BAACxjwv8YQUAAABjUExURQAAAMAAAMAAAMAAAL8AAL8AAL8AAL8AAMAAAMAAAL8AAL8AAL8AAMAAAMAAAMAAAL8AAMAAAMAAAMEAAL8AAL8AAMAAAMEAAL8AAL8AAL8AAL8AAMAAAMAAAL8AAMEAAL8AAFJAmKEAAAAhdFJOUwCnv7eAYEAQ3\/9YCFCf9+84r+eXMGjHh3goIHDXzxiPSEISuSkAAAAJcEhZcwAAFxEAABcRAcom8z8AAAEESURBVGhD7dlJUsNAEERRGQOeGWxjbJnp\/qdk8zedIZZqGvHfBapaEZkLVdfNbobMbwfd3Q9adJL+reVqNBRSmFFIYU0hhQ1rSmoVYQ1boh12FEF4oDWqeWRw2LFm2PKo0hMfQFKrNqQ1rIl2eKYIAq1Rz57B4cCagTeFI19AUqsWpDW8EO0wpwhKJ1qjniWTwytrls68KVz4ApJa1ZPWcCXbgR4Ib7RGPe9MDmwZrrwpfPAFJLXqQlrDmWyXPumBMOJ\/8B+cmFzyfCdNy5G0lr6IdjhQBGFPa9TD4OD5TpoWwho830n6dZ7vJLXK852kVnm+k9Sqv3m+69le0pSNd75b9d\/\/1U31TVVHdgAAAABJRU5ErkJggg==\" alt=\"\" \/><i><\/i><\/p><p style=\"text-indent: 0cm; line-height: 107%; margin: 0cm 2.85pt 1.2pt 0cm;\">\u00a0<\/p><p style=\"margin: 0cm 0cm 0.8pt; text-indent: 0cm; line-height: 107%;\" align=\"left\"><b><span style=\"font-size: 12.0pt; line-height: 107%;\">LA TROUPE \u2013 50 bougies et 5 g\u00e9n\u00e9rations r\u00e9unies<\/span><\/b><\/p><p style=\"margin: 0cm 0cm 0.8pt; text-indent: 0cm; line-height: 107%;\" align=\"left\"><b><span style=\"font-size: 12.0pt; line-height: 107%;\">\u00a0<\/span><\/b><\/p><p style=\"text-indent: 0cm; line-height: 107%; margin: 0cm 0cm .8pt 0cm;\"><span style=\"color: black; mso-themecolor: text1;\">La Jeunesse th\u00e9\u00e2trale de Mervelier est mont\u00e9e sur sc\u00e8ne pour la premi\u00e8re fois en 1975 avec <i>\u00ab\u00a0Soldat Lariflette\u00a0\u00bb<\/i>.\u00a0 Depuis, plus de 40 pi\u00e8ces ont anim\u00e9 le village et la r\u00e9gion, faisant la part belle au th\u00e9\u00e2tre de boulevard et aux vaudevilles, avec notamment <i>\u00ab\u00a0La star du village\u00a0\u00bb<\/i>,\u00a0<i>\u00ab\u00a0Maman y\u2019a papa qui bouge encore\u00a0\u00bb<\/i> ou encore <i>\u00ab\u00a0Toc toc\u00a0\u00bb<\/i>. Et pour marquer cette ann\u00e9e de jubil\u00e9, la troupe habituelle<br \/>sera rejointe par de nouvelles recrues qui feront leurs d\u00e9buts sur les planches mais verra aussi d\u2019illustres membres de la troupe (dont un fondateur) remonter sur sc\u00e8ne. Au final, cinq g\u00e9n\u00e9rations r\u00e9unies pour un spectacle de folie\u00a0!<\/span><\/p><p style=\"text-indent: 0cm; line-height: 107%; margin: 0cm 0cm .8pt 0cm;\"><span style=\"color: black; mso-themecolor: text1;\">\u00a0<\/span><\/p><p style=\"text-indent: 0cm; line-height: 107%; margin: 0cm 0cm .8pt 0cm;\"><img decoding=\"async\" src=\"data:image\/png;base64,iVBORw0KGgoAAAANSUhEUgAABF0AAAAtCAMAAABLVOSyAAAAAXNSR0IArs4c6QAAAARnQU1BAACxjwv8YQUAAABjUExURQAAAL8AAL8AAL8AAL8AAMEAAMAAAMAAAMAAAL8AAL8AAL8AAMEAAMAAAMAAAMEAAL8AAL8AAL8AAMAAAMAAAL8AAL8AAMAAAMAAAMAAAMAAAL8AAL8AAMAAAMAAAL8AAL8AAER2eG0AAAAhdFJOUwAYQHiAl7\/3\/yAQcI\/v54doCGDfnzhYt9fHpzBQr89IKJAxbxEAAAAJcEhZcwAAFxEAABcRAcom8z8AAAIuSURBVHhe7d3JUuNAEEVRY4xp5nke\/\/8ruzuzIEIOKUClZZ6zpaqWdwG80Apgqb112N\/8d7ANe+1nAD8Za8jhnylH7RZAOs6GnERDTrMhZ60YU87z2EXcucwHrtp7QC1XmYBZDTnLY6dx5yQfOG7vAbW0hlxGDy4yDuetFVMO85iGAKtVJuA6ejCvIQdxZz8f8HtYKCoTkA3ZZBxuWism5bHbuKIhUNtdJOA+erB5iDjMasgm7q\/9xQaKGmnIY0vFpKc49px34r6GQFUvkYDX7MFbxOG9pWLSoCEf8cBnew4opqch73HsLe+8xgMaAkV9RgI+sgfPEYenlopJIw15ac8BxRxFAuY15DGOPeSd+3jgrj0HFJMNWWcPbiMO25aKSTdxSkOAndHdrIZs48rmOh9ozwHFzBvupsHoTkOgtLHh7qyGGO5CaT3j\/7HhroZATT3DXeN\/4FsmoGf8PxjuaggUlQmYNdw1\/ge+5eiuf\/xvdAe19Q93NQTYGd31jP8Nd6G0xcNdDYHSRoa7PeN\/w10oqmf8PzLc1RAoqme4a\/wPfGmju+yB4S4wU89wV0OAL4PRXc\/433AXSlsw3NUQYDjc9dVuYKYFX+3O0Z2GQG2ZgMHozle7gV\/LBCwe7moIFNUz3I1ThrvAPzm6W\/DVbqM7KK1\/uKshwM7orv+r3UZ3UFT\/cFdDgNHhrq92A7\/W\/9XuNrrTEGDHT\/9kZrgL9Ml\/Pxsb7rYDALOtVn8BTQ9WhPcMzRUAAAAASUVORK5CYII=\" alt=\"\" \/><\/p><p style=\"text-indent: 0cm; line-height: 107%; margin: 0cm 0cm .8pt 0cm;\">\u00a0<\/p><p style=\"margin: 0cm 0cm 8pt -0.25pt; text-indent: 0.25pt; line-height: 107%;\" align=\"left\"><b><span style=\"font-size: 12.0pt; line-height: 107%;\">\u00a0<\/span><\/b><\/p><p style=\"margin: 0cm 0cm 8pt -0.25pt; text-indent: 0.25pt; line-height: 107%;\" align=\"left\"><b><span style=\"font-size: 12.0pt; line-height: 107%;\">UNE COM\u00c9DIE \u2013 une cr\u00e9ation originale et locale<\/span><\/b><\/p><p style=\"margin: 0cm 0cm 8pt -0.25pt; text-indent: 0.25pt; line-height: 107%;\" align=\"left\"><span style=\"color: black; font-family: var( --e-global-typography-text-font-family ), Sans-serif; font-weight: var( --e-global-typography-text-font-weight );\">Apr\u00e8s avoir mis en sc\u00e8ne la\u00a0<\/span><span style=\"color: black; font-family: var( --e-global-typography-text-font-family ), Sans-serif; font-weight: var( --e-global-typography-text-font-weight );\">Jeunesse th\u00e9\u00e2trale de Mervelier dans <\/span><i style=\"color: black; font-family: var( --e-global-typography-text-font-family ), Sans-serif; font-weight: var( --e-global-typography-text-font-weight );\">\u00ab\u00a0M\u00fcnchhausen\u00a0?\u00a0\u00bb<\/i><span style=\"color: black; font-family: var( --e-global-typography-text-font-family ), Sans-serif; font-weight: var( --e-global-typography-text-font-weight );\"> en\u00a0<\/span><span style=\"color: black; font-family: var( --e-global-typography-text-font-family ), Sans-serif; font-weight: var( --e-global-typography-text-font-weight );\">2022, C\u00e9lien Milani r\u00e9cidive avec, cette fois-ci, une pi\u00e8ce de son cru, con\u00e7ue\u00a0<\/span><span style=\"color: black; font-family: var( --e-global-typography-text-font-family ), Sans-serif; font-weight: var( --e-global-typography-text-font-weight );\">sp\u00e9cialement pour les 50 ans de la troupe.<\/span><\/p><p style=\"margin: 0cm 0cm 8pt -0.25pt; text-indent: 0.25pt; line-height: 107%;\" align=\"left\"><span style=\"color: black; font-family: var( --e-global-typography-text-font-family ), Sans-serif; font-weight: var( --e-global-typography-text-font-weight );\">\u00a0<\/span><\/p><p style=\"line-height: 107%; margin: 0cm -.75pt 0cm -.25pt;\"><span style=\"mso-bidi-font-size: 11.0pt; line-height: 107%; color: black; mso-themecolor: text1;\">C\u2019est en se renseignant sur l\u2019Histoire de la r\u00e9gion que le jeune dramaturge jurassien a eu l\u2019id\u00e9e d\u2019\u00e9crire une pi\u00e8ce \u00e9pique et comique\u00a0: \u00ab\u00a0<i>Les Terbis du Mont-Terrible<\/i>\u00a0\u00bb, qui se d\u00e9roule en 1793, devant une auberge, \u00e0 l\u2019entr\u00e9e du village de Mervelier. Et m\u00eame si elle a la pr\u00e9tention de rappeler quelques faits historiques, rassurez-vous, la pi\u00e8ce n\u2019a pas \u00e9t\u00e9 pens\u00e9e exclusivement pour des Doctorant.es en Histoire. Inspir\u00e9e des farces m\u00e9di\u00e9vales et du comique de situation de Moli\u00e8re, la pi\u00e8ce n\u2019h\u00e9site pas \u00e0 multiplier mensonges et faux-semblants pour amuser la galerie. Ainsi, les peureux sont forc\u00e9s de jouer les h\u00e9ros, les riches doivent se pr\u00e9tendre paysans, et les malins finissent en dindons de la farce, pour le plus grand plaisir des spectateur.ices qui seont invit\u00e9.es \u00e0 se d\u00e9placer en famille pour d\u00e9couvrir cette pi\u00e8ce unique en son genre.<\/span><\/p><p style=\"line-height: 107%; margin: 0cm -.75pt 0cm -.25pt;\"><span style=\"mso-bidi-font-size: 11.0pt; line-height: 107%; color: black; mso-themecolor: text1;\">\u00a0<\/span><\/p><p style=\"line-height: 107%; margin: 0cm -.75pt 0cm -.25pt;\">\u00a0<\/p><p style=\"line-height: 107%; margin: 0cm -.75pt 0cm -.25pt;\"><span style=\"mso-bidi-font-size: 11.0pt; line-height: 107%; color: black; mso-themecolor: text1;\">Sans oublier la rel\u00e8ve de la Jeunesse th\u00e9\u00e2trale de Mervelier qui interpr\u00e9tera \u00e0 quatre reprise <i>\u00ab\u00a0Enfants de la Rauracie\u00a0\u00bb<\/i>, une frise th\u00e9\u00e2trale qui fera office d\u2019avant-spectacle, durant lequel les enfants du cours de th\u00e9\u00e2tre vous relateront avec pr\u00e9cision l\u2019Histoire du Jura \u2026 enfin\u2026 \u00e0 leur sauce\u00a0! Ainsi, vous pourrez compter sur elles et eux pour plonger dans les <i>\u00ab\u00a0Terbis du Mont-Terrible\u00a0\u00bb<\/i> en toute qui\u00e9tude, sans peur de rater une r\u00e9f\u00e9rence historique trop pointue.<\/span><\/p><p style=\"line-height: 107%; margin: 0cm -.75pt 0cm -.25pt;\"><span style=\"mso-bidi-font-size: 11.0pt; line-height: 107%; color: black; mso-themecolor: text1;\">\u00a0<\/span><\/p><p style=\"line-height: 107%; margin: 0cm -.75pt 0cm -.25pt;\"><span style=\"mso-bidi-font-size: 11.0pt; line-height: 107%; color: black; mso-themecolor: text1;\"><img decoding=\"async\" src=\"data:image\/png;base64,iVBORw0KGgoAAAANSUhEUgAABEQAAAAoCAMAAADAIt8jAAAAAXNSR0IArs4c6QAAAARnQU1BAACxjwv8YQUAAABjUExURQAAAMAAAMAAAMEAAL8AAL8AAL8AAL8AAMAAAMAAAMAAAL8AAL8AAL8AAMAAAL8AAL8AAMAAAMAAAMEAAL8AAL8AAMAAAL8AAL8AAMAAAMAAAMAAAL8AAL8AAMEAAMAAAL8AAHwXdIIAAAAhdFJOUwCnv4+AYEAo3\/\/vSBhw13gQt8eXMFj3UDifr89oIIfnCHOCGaAAAAAJcEhZcwAAFxEAABcRAcom8z8AAAIJSURBVHhe7dzZbuJAFARQQggJ2fd9+\/+vHIu6SDYIDx5Nv53z3N2PJUrINZsdzdeOF2sny7XTGcBhzlb7nSdg5gmYxUUS5rJuAnQSDMur5ET9LrmuFBlzlqNHuXhT79SrAJ3bBMNFcmJxl9g4rxQZc5+jD7lYJemxngXonCYZnpITx0mNeYXImOc6mouLl7yjJAE9r0mGKklvSY0JJek9F5UkYFeVpGVyYkpJ+sjRKkmfeUZJAnq+kgxVkr6TGlNK0nduKknAripJn8mJCSXpJ0erJC3yzPK3ngWYzX4rGSon3hMbP5UiY6okveWikgTsqpL0kpyYUJJWdXRYkr7qWYDOY5JhWJI+KkTGVEm6y0UlCdi1KUk3yYkJJek6R4cl6bWeBehcJhm2StJzpciYOlpfPT7lHSUJ6KmSdJKceEhqHFKS6qvHrZJ0W88CdCoZhiVp7HvqjWFJusozShLQMyxJi6TGQSWpvnocliTTMEBPffU4LEn3FSJjtkpSTcMoSUBPgmFTkmoa5pCSNJyGqZLkq0egZ2saJqkxZRrGfiaw17Ak1TTMhJJkPxPYL8FgPxNowH4m0I79TKAd+5lAM\/YzgXbsZwLt2M8EmrGfCbRjPxNox34m0Iz9TKAd+5lAO\/YzgXYqGexnAv+f\/UygHfuZQDsJBvuZQAP\/vp\/pTyPgb8b2M1dffwAqwVfn+KePywAAAABJRU5ErkJggg==\" alt=\"\" \/><\/span><\/p><p style=\"line-height: 107%; margin: 0cm -.75pt 0cm -.25pt;\"><span style=\"mso-bidi-font-size: 11.0pt; line-height: 107%; color: black; mso-themecolor: text1;\">\u00a0<\/span><\/p><p style=\"line-height: 107%; margin: 0cm -.75pt 0cm -.25pt;\">\u00a0<\/p><p style=\"margin: 0cm 0cm 8pt; text-indent: 0cm; line-height: 107%;\" align=\"left\"><b><span style=\"font-size: 12.0pt; line-height: 107%;\">CONTACT<\/span><\/b><\/p><p style=\"margin: 0cm 0cm 8pt; text-indent: 0cm; line-height: 107%;\" align=\"left\"><span style=\"text-indent: 0cm; color: var( --e-global-color-text ); font-family: var( --e-global-typography-text-font-family ), Sans-serif; font-weight: var( --e-global-typography-text-font-weight );\">Alexandra Wingeier, caissi\u00e8re<\/span><\/p><p style=\"margin: 0cm 0cm 8pt; text-indent: 0cm; line-height: 107%;\" align=\"left\"><span style=\"text-indent: 0cm; color: var( --e-global-color-text ); font-family: var( --e-global-typography-text-font-family ), Sans-serif; font-weight: var( --e-global-typography-text-font-weight );\">079 912 58 47<\/span><\/p><p style=\"margin: 0cm 0cm 8pt; text-indent: 0cm; line-height: 107%;\" align=\"left\"><span style=\"text-indent: 0cm; color: var( --e-global-color-text ); font-family: var( --e-global-typography-text-font-family ), Sans-serif; font-weight: var( --e-global-typography-text-font-weight );\">alexandra.wingeier@gmail.com<\/span><\/p><p style=\"margin: 0cm 0cm 8pt; text-indent: 0cm; line-height: 107%;\" align=\"left\">\u00a0<\/p><p style=\"margin-right: 2.15pt;\">\u00a0<\/p>\t\t\t\t\t\t<\/div>\n\t\t\t\t<\/div>\n\t\t\t\t\t<\/div>\n\t\t<\/div>\n\t\t\t\t\t\t\t<\/div>\n\t\t<\/section>\n\t\t\t\t\t\t\t<\/div>\n\t\t","protected":false},"excerpt":{"rendered":"<p>Cr\u00e9ation 2025 \/ Jeunesse th\u00e9\u00e2trale de Mervelier LES TERBIS DU MONT-TERRIBLE\u00a0 Une com\u00e9die historique et locale \u00e9crite et mise en sc\u00e8ne par C\u00e9lien Milani\u00a0dans le&hellip;<\/p>\n","protected":false},"author":1,"featured_media":0,"parent":0,"menu_order":0,"comment_status":"closed","ping_status":"closed","template":"","meta":{"footnotes":""},"class_list":["post-15","page","type-page","status-publish","hentry"],"yoast_head":"<!-- This site is optimized with the Yoast SEO plugin v20.3 - https:\/\/yoast.com\/wordpress\/plugins\/seo\/ -->\n<title>Accueil - Jeunesse th\u00e9\u00e2trale de Mervelier<\/title>\n<meta name=\"robots\" content=\"index, follow, max-snippet:-1, max-image-preview:large, max-video-preview:-1\" \/>\n<link rel=\"canonical\" href=\"https:\/\/theatremervelier.ch\/\" \/>\n<meta property=\"og:locale\" content=\"fr_FR\" \/>\n<meta property=\"og:type\" content=\"article\" \/>\n<meta property=\"og:title\" content=\"Accueil - Jeunesse th\u00e9\u00e2trale de Mervelier\" \/>\n<meta property=\"og:description\" content=\"Cr\u00e9ation 2025 \/ Jeunesse th\u00e9\u00e2trale de Mervelier LES TERBIS DU MONT-TERRIBLE\u00a0 Une com\u00e9die historique et locale \u00e9crite et mise en sc\u00e8ne par C\u00e9lien Milani\u00a0dans le&hellip;\" \/>\n<meta property=\"og:url\" content=\"https:\/\/theatremervelier.ch\/\" \/>\n<meta property=\"og:site_name\" content=\"Jeunesse th\u00e9\u00e2trale de Mervelier\" \/>\n<meta property=\"article:modified_time\" content=\"2025-02-11T09:49:13+00:00\" \/>\n<meta property=\"og:image\" content=\"https:\/\/theatremervelier.ch\/wp-content\/uploads\/2025\/02\/WhatsApp-Image-2025-02-11-a-09.32.01_ce1276d8-724x1024.jpg\" \/>\n<meta name=\"twitter:card\" content=\"summary_large_image\" \/>\n<meta name=\"twitter:label1\" content=\"Dur\u00e9e de lecture estim\u00e9e\" \/>\n\t<meta name=\"twitter:data1\" content=\"5 minutes\" \/>\n<script type=\"application\/ld+json\" class=\"yoast-schema-graph\">{\"@context\":\"https:\/\/schema.org\",\"@graph\":[{\"@type\":\"WebPage\",\"@id\":\"https:\/\/theatremervelier.ch\/\",\"url\":\"https:\/\/theatremervelier.ch\/\",\"name\":\"Accueil - Jeunesse th\u00e9\u00e2trale de Mervelier\",\"isPartOf\":{\"@id\":\"https:\/\/theatremervelier.ch\/#website\"},\"datePublished\":\"2023-03-24T18:04:08+00:00\",\"dateModified\":\"2025-02-11T09:49:13+00:00\",\"breadcrumb\":{\"@id\":\"https:\/\/theatremervelier.ch\/#breadcrumb\"},\"inLanguage\":\"fr-FR\",\"potentialAction\":[{\"@type\":\"ReadAction\",\"target\":[\"https:\/\/theatremervelier.ch\/\"]}]},{\"@type\":\"BreadcrumbList\",\"@id\":\"https:\/\/theatremervelier.ch\/#breadcrumb\",\"itemListElement\":[{\"@type\":\"ListItem\",\"position\":1,\"name\":\"Accueil\",\"item\":\"https:\/\/theatremervelier.ch\/\"},{\"@type\":\"ListItem\",\"position\":2,\"name\":\"Accueil\"}]},{\"@type\":\"WebSite\",\"@id\":\"https:\/\/theatremervelier.ch\/#website\",\"url\":\"https:\/\/theatremervelier.ch\/\",\"name\":\"Jeunesse th\u00e9\u00e2trale de Mervelier\",\"description\":\"\",\"publisher\":{\"@id\":\"https:\/\/theatremervelier.ch\/#organization\"},\"potentialAction\":[{\"@type\":\"SearchAction\",\"target\":{\"@type\":\"EntryPoint\",\"urlTemplate\":\"https:\/\/theatremervelier.ch\/?s={search_term_string}\"},\"query-input\":\"required name=search_term_string\"}],\"inLanguage\":\"fr-FR\"},{\"@type\":\"Organization\",\"@id\":\"https:\/\/theatremervelier.ch\/#organization\",\"name\":\"Jeunesse th\u00e9\u00e2trale de Mervelier\",\"url\":\"https:\/\/theatremervelier.ch\/\",\"logo\":{\"@type\":\"ImageObject\",\"inLanguage\":\"fr-FR\",\"@id\":\"https:\/\/theatremervelier.ch\/#\/schema\/logo\/image\/\",\"url\":\"https:\/\/theatremervelier.ch\/wp-content\/uploads\/2023\/03\/cropped-logo-theatre.jpg\",\"contentUrl\":\"https:\/\/theatremervelier.ch\/wp-content\/uploads\/2023\/03\/cropped-logo-theatre.jpg\",\"width\":695,\"height\":497,\"caption\":\"Jeunesse th\u00e9\u00e2trale de Mervelier\"},\"image\":{\"@id\":\"https:\/\/theatremervelier.ch\/#\/schema\/logo\/image\/\"}}]}<\/script>\n<!-- \/ Yoast SEO plugin. -->","yoast_head_json":{"title":"Accueil - Jeunesse th\u00e9\u00e2trale de Mervelier","robots":{"index":"index","follow":"follow","max-snippet":"max-snippet:-1","max-image-preview":"max-image-preview:large","max-video-preview":"max-video-preview:-1"},"canonical":"https:\/\/theatremervelier.ch\/","og_locale":"fr_FR","og_type":"article","og_title":"Accueil - Jeunesse th\u00e9\u00e2trale de Mervelier","og_description":"Cr\u00e9ation 2025 \/ Jeunesse th\u00e9\u00e2trale de Mervelier LES TERBIS DU MONT-TERRIBLE\u00a0 Une com\u00e9die historique et locale \u00e9crite et mise en sc\u00e8ne par C\u00e9lien Milani\u00a0dans le&hellip;","og_url":"https:\/\/theatremervelier.ch\/","og_site_name":"Jeunesse th\u00e9\u00e2trale de Mervelier","article_modified_time":"2025-02-11T09:49:13+00:00","og_image":[{"url":"https:\/\/theatremervelier.ch\/wp-content\/uploads\/2025\/02\/WhatsApp-Image-2025-02-11-a-09.32.01_ce1276d8-724x1024.jpg"}],"twitter_card":"summary_large_image","twitter_misc":{"Dur\u00e9e de lecture estim\u00e9e":"5 minutes"},"schema":{"@context":"https:\/\/schema.org","@graph":[{"@type":"WebPage","@id":"https:\/\/theatremervelier.ch\/","url":"https:\/\/theatremervelier.ch\/","name":"Accueil - Jeunesse th\u00e9\u00e2trale de Mervelier","isPartOf":{"@id":"https:\/\/theatremervelier.ch\/#website"},"datePublished":"2023-03-24T18:04:08+00:00","dateModified":"2025-02-11T09:49:13+00:00","breadcrumb":{"@id":"https:\/\/theatremervelier.ch\/#breadcrumb"},"inLanguage":"fr-FR","potentialAction":[{"@type":"ReadAction","target":["https:\/\/theatremervelier.ch\/"]}]},{"@type":"BreadcrumbList","@id":"https:\/\/theatremervelier.ch\/#breadcrumb","itemListElement":[{"@type":"ListItem","position":1,"name":"Accueil","item":"https:\/\/theatremervelier.ch\/"},{"@type":"ListItem","position":2,"name":"Accueil"}]},{"@type":"WebSite","@id":"https:\/\/theatremervelier.ch\/#website","url":"https:\/\/theatremervelier.ch\/","name":"Jeunesse th\u00e9\u00e2trale de Mervelier","description":"","publisher":{"@id":"https:\/\/theatremervelier.ch\/#organization"},"potentialAction":[{"@type":"SearchAction","target":{"@type":"EntryPoint","urlTemplate":"https:\/\/theatremervelier.ch\/?s={search_term_string}"},"query-input":"required name=search_term_string"}],"inLanguage":"fr-FR"},{"@type":"Organization","@id":"https:\/\/theatremervelier.ch\/#organization","name":"Jeunesse th\u00e9\u00e2trale de Mervelier","url":"https:\/\/theatremervelier.ch\/","logo":{"@type":"ImageObject","inLanguage":"fr-FR","@id":"https:\/\/theatremervelier.ch\/#\/schema\/logo\/image\/","url":"https:\/\/theatremervelier.ch\/wp-content\/uploads\/2023\/03\/cropped-logo-theatre.jpg","contentUrl":"https:\/\/theatremervelier.ch\/wp-content\/uploads\/2023\/03\/cropped-logo-theatre.jpg","width":695,"height":497,"caption":"Jeunesse th\u00e9\u00e2trale de Mervelier"},"image":{"@id":"https:\/\/theatremervelier.ch\/#\/schema\/logo\/image\/"}}]}},"_links":{"self":[{"href":"https:\/\/theatremervelier.ch\/index.php?rest_route=\/wp\/v2\/pages\/15","targetHints":{"allow":["GET"]}}],"collection":[{"href":"https:\/\/theatremervelier.ch\/index.php?rest_route=\/wp\/v2\/pages"}],"about":[{"href":"https:\/\/theatremervelier.ch\/index.php?rest_route=\/wp\/v2\/types\/page"}],"author":[{"embeddable":true,"href":"https:\/\/theatremervelier.ch\/index.php?rest_route=\/wp\/v2\/users\/1"}],"replies":[{"embeddable":true,"href":"https:\/\/theatremervelier.ch\/index.php?rest_route=%2Fwp%2Fv2%2Fcomments&post=15"}],"version-history":[{"count":28,"href":"https:\/\/theatremervelier.ch\/index.php?rest_route=\/wp\/v2\/pages\/15\/revisions"}],"predecessor-version":[{"id":254,"href":"https:\/\/theatremervelier.ch\/index.php?rest_route=\/wp\/v2\/pages\/15\/revisions\/254"}],"wp:attachment":[{"href":"https:\/\/theatremervelier.ch\/index.php?rest_route=%2Fwp%2Fv2%2Fmedia&parent=15"}],"curies":[{"name":"wp","href":"https:\/\/api.w.org\/{rel}","templated":true}]}}